{"id":848,"date":"2026-09-01T07:12:51","date_gmt":"2026-09-01T07:12:51","guid":{"rendered":"https:\/\/ipocasfurniture.com\/?post_type=product&#038;p=848"},"modified":"2026-09-01T07:12:51","modified_gmt":"2026-09-01T07:12:51","slug":"tall-adirondack-armchair-with-footrest-for-bulk-sourcing","status":"publish","type":"product","link":"https:\/\/ipocasfurniture.com\/de\/tall-adirondack-armchair-with-footrest-for-bulk-sourcing\/","title":{"rendered":"Hoher Adirondack-Sessel mit Fu\u00dfst\u00fctze f\u00fcr den Gro\u00dfhandel"},"content":{"rendered":"<p>Diese hohen Adirondack-St\u00fchle zeichnen sich durch Sitzfl\u00e4chen mit Lattenrost, hohe R\u00fcckenlehnen und Beine aus, die durch Verbindungsstreben zusammengehalten werden. Breite Armlehnen und eine vordere Fu\u00dfst\u00fctze bieten bequeme Sitzfl\u00e4chen f\u00fcr den Au\u00dfenbereich. Das blaue Modell verf\u00fcgt \u00fcber eine geschwungene R\u00fcckenlehne, w\u00e4hrend das goldbraune Modell eine gerade R\u00fcckenlehne aufweist. Beide Modelle weisen eine sichtbare Holzmaserung und freiliegende Befestigungselemente auf.<\/p>","protected":false},"excerpt":{"rendered":"<p>Hoher Adirondack-Sessel mit Sitz- und R\u00fcckenlehne aus Latten, breiten Armlehnen und einer vorderen Fu\u00dfst\u00fctze. Ein vierbeiniges Gestell und eine Oberfl\u00e4che in Holzoptik pr\u00e4gen das Design dieses Modells, das sich sowohl f\u00fcr die Terrassengestaltung als auch f\u00fcr den Gro\u00dfhandel mit M\u00f6beln eignet.<\/p>","protected":false},"featured_media":854,"template":"","meta":{"_gspb_post_css":""},"product_brand":[],"product_cat":[15,19],"product_tag":[111,113,112],"class_list":["post-848","product","type-product","status-publish","has-post-thumbnail","product_cat-outdoor-furniture","product_cat-outdoor-accent-chairs","product_tag-adirondack-chairs","product_tag-patio-furniture-sourcing","product_tag-slatted-construction","first","instock","shipping-taxable","product-type-simple"],"_links":{"self":[{"href":"https:\/\/ipocasfurniture.com\/de\/wp-json\/wp\/v2\/product\/848","targetHints":{"allow":["GET"]}}],"collection":[{"href":"https:\/\/ipocasfurniture.com\/de\/wp-json\/wp\/v2\/product"}],"about":[{"href":"https:\/\/ipocasfurniture.com\/de\/wp-json\/wp\/v2\/types\/product"}],"wp:featuredmedia":[{"embeddable":true,"href":"https:\/\/ipocasfurniture.com\/de\/wp-json\/wp\/v2\/media\/854"}],"wp:attachment":[{"href":"https:\/\/ipocasfurniture.com\/de\/wp-json\/wp\/v2\/media?parent=848"}],"wp:term":[{"taxonomy":"product_brand","embeddable":true,"href":"https:\/\/ipocasfurniture.com\/de\/wp-json\/wp\/v2\/product_brand?post=848"},{"taxonomy":"product_cat","embeddable":true,"href":"https:\/\/ipocasfurniture.com\/de\/wp-json\/wp\/v2\/product_cat?post=848"},{"taxonomy":"product_tag","embeddable":true,"href":"https:\/\/ipocasfurniture.com\/de\/wp-json\/wp\/v2\/product_tag?post=848"}],"curies":[{"name":"wp","href":"https:\/\/api.w.org\/{rel}","templated":true}]}}